{"id":2185,"date":"2023-12-06T18:10:05","date_gmt":"2023-12-06T17:10:05","guid":{"rendered":"https:\/\/terre-franche.be\/site2022\/?page_id=2185"},"modified":"2024-06-17T17:30:45","modified_gmt":"2024-06-17T15:30:45","slug":"le-retour-de-la-goutte-frappee","status":"publish","type":"page","link":"https:\/\/terre-franche.be\/site2022\/index.php\/le-retour-de-la-goutte-frappee\/","title":{"rendered":"Le retour de LA Goutte frapp\u00e9e"},"content":{"rendered":"\t\t<div data-elementor-type=\"wp-page\" data-elementor-id=\"2185\" class=\"elementor elementor-2185\">\n\t\t\t\t\t\t<section class=\"elementor-section elementor-top-section elementor-element elementor-element-d0fd6e2 elementor-section-boxed elementor-section-height-default elementor-section-height-default\" data-id=\"d0fd6e2\" data-element_type=\"section\" data-e-type=\"section\">\n\t\t\t\t\t\t<div class=\"elementor-container elementor-column-gap-default\">\n\t\t\t\t\t<div class=\"elementor-column elementor-col-100 elementor-top-column elementor-element elementor-element-d556fa5\" data-id=\"d556fa5\" data-element_type=\"column\" data-e-type=\"column\">\n\t\t\t<div class=\"elementor-widget-wrap elementor-element-populated\">\n\t\t\t\t\t\t<div class=\"elementor-element elementor-element-6ec9262 elementor-widget elementor-widget-heading\" data-id=\"6ec9262\" data-element_type=\"widget\" data-e-type=\"widget\" data-widget_type=\"heading.default\">\n\t\t\t\t<div class=\"elementor-widget-container\">\n\t\t\t\t\t<h2 class=\"elementor-heading-title elementor-size-default\">Voici une rencontre entre ateliers de Th\u00e9\u00e2tre et de Djemb\u00e9... \u00e0 Terre Franche, on ne se croise pas que dans les couloirs ou \u00e0 la cuisine<\/h2>\t\t\t\t<\/div>\n\t\t\t\t<\/div>\n\t\t\t\t\t<\/div>\n\t\t<\/div>\n\t\t\t\t\t<\/div>\n\t\t<\/section>\n\t\t\t\t<section class=\"elementor-section elementor-top-section elementor-element elementor-element-66c677f elementor-section-boxed elementor-section-height-default elementor-section-height-default\" data-id=\"66c677f\" data-element_type=\"section\" data-e-type=\"section\">\n\t\t\t\t\t\t<div class=\"elementor-container elementor-column-gap-default\">\n\t\t\t\t\t<div class=\"elementor-column elementor-col-50 elementor-top-column elementor-element elementor-element-91e7273\" data-id=\"91e7273\" data-element_type=\"column\" data-e-type=\"column\">\n\t\t\t<div class=\"elementor-widget-wrap elementor-element-populated\">\n\t\t\t\t\t\t<div class=\"elementor-element elementor-element-f7cd3f9 elementor-widget elementor-widget-text-editor\" data-id=\"f7cd3f9\" data-element_type=\"widget\" data-e-type=\"widget\" data-widget_type=\"text-editor.default\">\n\t\t\t\t<div class=\"elementor-widget-container\">\n\t\t\t\t\t\t\t\t\t<p><span style=\"font-family: Raleway; font-size: 16px; font-style: normal; font-variant-ligatures: normal; font-variant-caps: normal; font-weight: 400; letter-spacing: 0.3px;\">Une toute petite goutte, oui, mais pas n&rsquo;importe laquelle :<\/span><br style=\"letter-spacing: 0.3px;\" \/><span style=\"font-family: Raleway; font-size: 16px; font-style: normal; font-variant-ligatures: normal; font-variant-caps: normal; font-weight: 400; letter-spacing: 0.3px;\">LA Goutte, LA GOUTTE DE LAIT ! N&rsquo;est-ce pas beau ?<\/span><\/p><p>Depuis le temps que Christophe (animateur Djemb\u00e9)\u00a0 et Amandine (animatrice Th\u00e9\u00e2tre) en parlaient, la Goutte a enfin fait d\u00e9border la cr\u00e9ativit\u00e9 dans leurs ateliers !<\/p><p>C&rsquo;est un conte de Christophe qui a d\u00e9j\u00e0 fait le tour du monde et entra\u00een\u00e9 les djembistes de Terre Franche avec lui jusqu&rsquo;\u00e0 l&rsquo;ouest &#8230; de l&rsquo;Afrique (!)\u00a0 <br \/>Soumis \u00e0 la cr\u00e9ativit\u00e9 des jeunes qui n&rsquo;ont ni la langue en poche ni l&rsquo;expression en berne, et avec le soutient des percus, \u00e7a a tonn\u00e9, frapp\u00e9 et inond\u00e9 de lumi\u00e8res la grande sc\u00e8ne de l&rsquo;Ecrin, lors de la Soir\u00e9e Cabaret de la F\u00eate des Ateliers, le 31 mai 2024 &#8230;\u00a0<\/p><p>\u00a0<\/p>\t\t\t\t\t\t\t\t<\/div>\n\t\t\t\t<\/div>\n\t\t\t\t<div class=\"elementor-element elementor-element-494d792 elementor-widget elementor-widget-image\" data-id=\"494d792\" data-element_type=\"widget\" data-e-type=\"widget\" data-widget_type=\"image.default\">\n\t\t\t\t<div class=\"elementor-widget-container\">\n\t\t\t\t\t\t\t\t\t\t\t\t\t\t\t<img fetchpriority=\"high\" decoding=\"async\" width=\"800\" height=\"800\" src=\"https:\/\/terre-franche.be\/site2022\/wp-content\/uploads\/2024\/06\/La-Goutte-de-lait-percus-et-conteurs2.jpg\" class=\"attachment-large size-large wp-image-4125\" alt=\"percussionnistes et conteurs au plus cchaud de l&#039;ambiance\" srcset=\"https:\/\/terre-franche.be\/site2022\/wp-content\/uploads\/2024\/06\/La-Goutte-de-lait-percus-et-conteurs2.jpg 800w, https:\/\/terre-franche.be\/site2022\/wp-content\/uploads\/2024\/06\/La-Goutte-de-lait-percus-et-conteurs2-300x300.jpg 300w, https:\/\/terre-franche.be\/site2022\/wp-content\/uploads\/2024\/06\/La-Goutte-de-lait-percus-et-conteurs2-150x150.jpg 150w, https:\/\/terre-franche.be\/site2022\/wp-content\/uploads\/2024\/06\/La-Goutte-de-lait-percus-et-conteurs2-768x768.jpg 768w, https:\/\/terre-franche.be\/site2022\/wp-content\/uploads\/2024\/06\/La-Goutte-de-lait-percus-et-conteurs2-600x600.jpg 600w\" sizes=\"(max-width: 800px) 100vw, 800px\" \/>\t\t\t\t\t\t\t\t\t\t\t\t\t\t\t<\/div>\n\t\t\t\t<\/div>\n\t\t\t\t\t<\/div>\n\t\t<\/div>\n\t\t\t\t<div class=\"elementor-column elementor-col-50 elementor-top-column elementor-element elementor-element-2aaab98\" data-id=\"2aaab98\" data-element_type=\"column\" data-e-type=\"column\">\n\t\t\t<div class=\"elementor-widget-wrap elementor-element-populated\">\n\t\t\t\t\t\t<div class=\"elementor-element elementor-element-10777fe elementor-widget elementor-widget-image\" data-id=\"10777fe\" data-element_type=\"widget\" data-e-type=\"widget\" data-widget_type=\"image.default\">\n\t\t\t\t<div class=\"elementor-widget-container\">\n\t\t\t\t\t\t\t\t\t\t\t\t<figure class=\"wp-caption\">\n\t\t\t\t\t\t\t\t\t\t<img decoding=\"async\" width=\"658\" height=\"1024\" src=\"https:\/\/terre-franche.be\/site2022\/wp-content\/uploads\/2024\/06\/Goutte-de-lait-la-mort-658x1024.jpg\" class=\"attachment-large size-large wp-image-4119\" alt=\"la mort apparait\" srcset=\"https:\/\/terre-franche.be\/site2022\/wp-content\/uploads\/2024\/06\/Goutte-de-lait-la-mort-658x1024.jpg 658w, https:\/\/terre-franche.be\/site2022\/wp-content\/uploads\/2024\/06\/Goutte-de-lait-la-mort-193x300.jpg 193w, https:\/\/terre-franche.be\/site2022\/wp-content\/uploads\/2024\/06\/Goutte-de-lait-la-mort-768x1195.jpg 768w, https:\/\/terre-franche.be\/site2022\/wp-content\/uploads\/2024\/06\/Goutte-de-lait-la-mort.jpg 771w\" sizes=\"(max-width: 658px) 100vw, 658px\" \/>\t\t\t\t\t\t\t\t\t\t\t<figcaption class=\"widget-image-caption wp-caption-text\">La mort elle-m\u00eame, sur la grande sc\u00e8ne de l'Ecrin <\/figcaption>\n\t\t\t\t\t\t\t\t\t\t<\/figure>\n\t\t\t\t\t\t\t\t\t<\/div>\n\t\t\t\t<\/div>\n\t\t\t\t\t<\/div>\n\t\t<\/div>\n\t\t\t\t\t<\/div>\n\t\t<\/section>\n\t\t\t\t<section class=\"elementor-section elementor-top-section elementor-element elementor-element-a97e4fb elementor-section-boxed elementor-section-height-default elementor-section-height-default\" data-id=\"a97e4fb\" data-element_type=\"section\" data-e-type=\"section\">\n\t\t\t\t\t\t<div class=\"elementor-container elementor-column-gap-default\">\n\t\t\t\t\t<div class=\"elementor-column elementor-col-16 elementor-top-column elementor-element elementor-element-206ecb3\" data-id=\"206ecb3\" data-element_type=\"column\" data-e-type=\"column\">\n\t\t\t<div class=\"elementor-widget-wrap\">\n\t\t\t\t\t\t\t<\/div>\n\t\t<\/div>\n\t\t\t\t<div class=\"elementor-column elementor-col-66 elementor-top-column elementor-element elementor-element-1a86e30\" data-id=\"1a86e30\" data-element_type=\"column\" data-e-type=\"column\">\n\t\t\t<div class=\"elementor-widget-wrap elementor-element-populated\">\n\t\t\t\t\t\t<div class=\"elementor-element elementor-element-bd73b1e elementor-widget elementor-widget-image\" data-id=\"bd73b1e\" data-element_type=\"widget\" data-e-type=\"widget\" data-widget_type=\"image.default\">\n\t\t\t\t<div class=\"elementor-widget-container\">\n\t\t\t\t\t\t\t\t\t\t\t\t<figure class=\"wp-caption\">\n\t\t\t\t\t\t\t\t\t\t<img decoding=\"async\" width=\"1024\" height=\"683\" src=\"https:\/\/terre-franche.be\/site2022\/wp-content\/uploads\/2024\/06\/La-Goutte-de-lait-conteurs-et-djembistes2-1024x683.jpg\" class=\"attachment-large size-large wp-image-4117\" alt=\"\" srcset=\"https:\/\/terre-franche.be\/site2022\/wp-content\/uploads\/2024\/06\/La-Goutte-de-lait-conteurs-et-djembistes2-1024x683.jpg 1024w, https:\/\/terre-franche.be\/site2022\/wp-content\/uploads\/2024\/06\/La-Goutte-de-lait-conteurs-et-djembistes2-300x200.jpg 300w, https:\/\/terre-franche.be\/site2022\/wp-content\/uploads\/2024\/06\/La-Goutte-de-lait-conteurs-et-djembistes2-768x512.jpg 768w, https:\/\/terre-franche.be\/site2022\/wp-content\/uploads\/2024\/06\/La-Goutte-de-lait-conteurs-et-djembistes2.jpg 1200w\" sizes=\"(max-width: 1024px) 100vw, 1024px\" \/>\t\t\t\t\t\t\t\t\t\t\t<figcaption class=\"widget-image-caption wp-caption-text\">Des conteurs hors pairs<\/figcaption>\n\t\t\t\t\t\t\t\t\t\t<\/figure>\n\t\t\t\t\t\t\t\t\t<\/div>\n\t\t\t\t<\/div>\n\t\t\t\t\t<\/div>\n\t\t<\/div>\n\t\t\t\t<div class=\"elementor-column elementor-col-16 elementor-top-column elementor-element elementor-element-ec498f4\" data-id=\"ec498f4\" data-element_type=\"column\" data-e-type=\"column\">\n\t\t\t<div class=\"elementor-widget-wrap\">\n\t\t\t\t\t\t\t<\/div>\n\t\t<\/div>\n\t\t\t\t\t<\/div>\n\t\t<\/section>\n\t\t\t\t<section class=\"elementor-section elementor-top-section elementor-element elementor-element-0321f54 elementor-section-boxed elementor-section-height-default elementor-section-height-default\" data-id=\"0321f54\" data-element_type=\"section\" data-e-type=\"section\">\n\t\t\t\t\t\t<div class=\"elementor-container elementor-column-gap-default\">\n\t\t\t\t\t<div class=\"elementor-column elementor-col-33 elementor-top-column elementor-element elementor-element-fe82968\" data-id=\"fe82968\" data-element_type=\"column\" data-e-type=\"column\">\n\t\t\t<div class=\"elementor-widget-wrap elementor-element-populated\">\n\t\t\t\t\t\t<div class=\"elementor-element elementor-element-ab5e18a elementor-widget elementor-widget-image\" data-id=\"ab5e18a\" data-element_type=\"widget\" data-e-type=\"widget\" data-widget_type=\"image.default\">\n\t\t\t\t<div class=\"elementor-widget-container\">\n\t\t\t\t\t\t\t\t\t\t\t\t<figure class=\"wp-caption\">\n\t\t\t\t\t\t\t\t\t\t<img loading=\"lazy\" decoding=\"async\" width=\"800\" height=\"800\" src=\"https:\/\/terre-franche.be\/site2022\/wp-content\/uploads\/2024\/06\/La-Goutte-de-lait-danse.jpg\" class=\"attachment-large size-large wp-image-4120\" alt=\"danse de la vie\" srcset=\"https:\/\/terre-franche.be\/site2022\/wp-content\/uploads\/2024\/06\/La-Goutte-de-lait-danse.jpg 800w, https:\/\/terre-franche.be\/site2022\/wp-content\/uploads\/2024\/06\/La-Goutte-de-lait-danse-300x300.jpg 300w, https:\/\/terre-franche.be\/site2022\/wp-content\/uploads\/2024\/06\/La-Goutte-de-lait-danse-150x150.jpg 150w, https:\/\/terre-franche.be\/site2022\/wp-content\/uploads\/2024\/06\/La-Goutte-de-lait-danse-768x768.jpg 768w, https:\/\/terre-franche.be\/site2022\/wp-content\/uploads\/2024\/06\/La-Goutte-de-lait-danse-600x600.jpg 600w\" sizes=\"(max-width: 800px) 100vw, 800px\" \/>\t\t\t\t\t\t\t\t\t\t\t<figcaption class=\"widget-image-caption wp-caption-text\">Du mouvement, de la danse<\/figcaption>\n\t\t\t\t\t\t\t\t\t\t<\/figure>\n\t\t\t\t\t\t\t\t\t<\/div>\n\t\t\t\t<\/div>\n\t\t\t\t\t<\/div>\n\t\t<\/div>\n\t\t\t\t<div class=\"elementor-column elementor-col-33 elementor-top-column elementor-element elementor-element-951c565\" data-id=\"951c565\" data-element_type=\"column\" data-e-type=\"column\">\n\t\t\t<div class=\"elementor-widget-wrap elementor-element-populated\">\n\t\t\t\t\t\t<div class=\"elementor-element elementor-element-0c9afa0 elementor-widget elementor-widget-image\" data-id=\"0c9afa0\" data-element_type=\"widget\" data-e-type=\"widget\" data-widget_type=\"image.default\">\n\t\t\t\t<div class=\"elementor-widget-container\">\n\t\t\t\t\t\t\t\t\t\t\t\t<figure class=\"wp-caption\">\n\t\t\t\t\t\t\t\t\t\t<img loading=\"lazy\" decoding=\"async\" width=\"768\" height=\"768\" src=\"https:\/\/terre-franche.be\/site2022\/wp-content\/uploads\/2024\/06\/Goutte-de-lait2-768x768.jpg\" class=\"attachment-medium_large size-medium_large wp-image-4113\" alt=\"Les jeunes sont pass\u00e9s derri\u00e8re les percussionnistes qui donnent plein pot\" srcset=\"https:\/\/terre-franche.be\/site2022\/wp-content\/uploads\/2024\/06\/Goutte-de-lait2-768x768.jpg 768w, https:\/\/terre-franche.be\/site2022\/wp-content\/uploads\/2024\/06\/Goutte-de-lait2-300x300.jpg 300w, https:\/\/terre-franche.be\/site2022\/wp-content\/uploads\/2024\/06\/Goutte-de-lait2-150x150.jpg 150w, https:\/\/terre-franche.be\/site2022\/wp-content\/uploads\/2024\/06\/Goutte-de-lait2-600x600.jpg 600w, https:\/\/terre-franche.be\/site2022\/wp-content\/uploads\/2024\/06\/Goutte-de-lait2.jpg 800w\" sizes=\"(max-width: 768px) 100vw, 768px\" \/>\t\t\t\t\t\t\t\t\t\t\t<figcaption class=\"widget-image-caption wp-caption-text\"> ...<\/figcaption>\n\t\t\t\t\t\t\t\t\t\t<\/figure>\n\t\t\t\t\t\t\t\t\t<\/div>\n\t\t\t\t<\/div>\n\t\t\t\t\t<\/div>\n\t\t<\/div>\n\t\t\t\t<div class=\"elementor-column elementor-col-33 elementor-top-column elementor-element elementor-element-4a712d3\" data-id=\"4a712d3\" data-element_type=\"column\" data-e-type=\"column\">\n\t\t\t<div class=\"elementor-widget-wrap elementor-element-populated\">\n\t\t\t\t\t\t<div class=\"elementor-element elementor-element-e55e044 elementor-widget elementor-widget-image\" data-id=\"e55e044\" data-element_type=\"widget\" data-e-type=\"widget\" data-widget_type=\"image.default\">\n\t\t\t\t<div class=\"elementor-widget-container\">\n\t\t\t\t\t\t\t\t\t\t\t\t<figure class=\"wp-caption\">\n\t\t\t\t\t\t\t\t\t\t<img loading=\"lazy\" decoding=\"async\" width=\"768\" height=\"768\" src=\"https:\/\/terre-franche.be\/site2022\/wp-content\/uploads\/2024\/06\/la-Goutte-de-lait-les-conteurs-aux-percus-768x768.jpg\" class=\"attachment-medium_large size-medium_large wp-image-4116\" alt=\"les jeunes conteurs aux percus\" srcset=\"https:\/\/terre-franche.be\/site2022\/wp-content\/uploads\/2024\/06\/la-Goutte-de-lait-les-conteurs-aux-percus-768x768.jpg 768w, https:\/\/terre-franche.be\/site2022\/wp-content\/uploads\/2024\/06\/la-Goutte-de-lait-les-conteurs-aux-percus-300x300.jpg 300w, https:\/\/terre-franche.be\/site2022\/wp-content\/uploads\/2024\/06\/la-Goutte-de-lait-les-conteurs-aux-percus-150x150.jpg 150w, https:\/\/terre-franche.be\/site2022\/wp-content\/uploads\/2024\/06\/la-Goutte-de-lait-les-conteurs-aux-percus-600x600.jpg 600w, https:\/\/terre-franche.be\/site2022\/wp-content\/uploads\/2024\/06\/la-Goutte-de-lait-les-conteurs-aux-percus.jpg 800w\" sizes=\"(max-width: 768px) 100vw, 768px\" \/>\t\t\t\t\t\t\t\t\t\t\t<figcaption class=\"widget-image-caption wp-caption-text\">du rythme<\/figcaption>\n\t\t\t\t\t\t\t\t\t\t<\/figure>\n\t\t\t\t\t\t\t\t\t<\/div>\n\t\t\t\t<\/div>\n\t\t\t\t\t<\/div>\n\t\t<\/div>\n\t\t\t\t\t<\/div>\n\t\t<\/section>\n\t\t\t\t<\/div>\n\t\t","protected":false},"excerpt":{"rendered":"<p>Voici une rencontre entre ateliers de Th\u00e9\u00e2tre et de Djemb\u00e9&#8230; \u00e0 Terre Franche, on ne se croise pas que dans les couloirs ou \u00e0 la cuisine Une toute petite goutte, oui, mais pas n&rsquo;importe laquelle :LA Goutte, LA GOUTTE DE LAIT ! N&rsquo;est-ce pas beau ? Depuis le temps que Christophe (animateur Djemb\u00e9)\u00a0 et Amandine [&hellip;]<\/p>\n","protected":false},"author":1,"featured_media":0,"parent":0,"menu_order":0,"comment_status":"closed","ping_status":"closed","template":"","meta":{"ocean_post_layout":"","ocean_both_sidebars_style":"","ocean_both_sidebars_content_width":0,"ocean_both_sidebars_sidebars_width":0,"ocean_sidebar":"","ocean_second_sidebar":"","ocean_disable_margins":"enable","ocean_add_body_class":"","ocean_shortcode_before_top_bar":"","ocean_shortcode_after_top_bar":"","ocean_shortcode_before_header":"","ocean_shortcode_after_header":"","ocean_has_shortcode":"","ocean_shortcode_after_title":"","ocean_shortcode_before_footer_widgets":"","ocean_shortcode_after_footer_widgets":"","ocean_shortcode_before_footer_bottom":"","ocean_shortcode_after_footer_bottom":"","ocean_display_top_bar":"default","ocean_display_header":"default","ocean_header_style":"","ocean_center_header_left_menu":"","ocean_custom_header_template":"","ocean_custom_logo":0,"ocean_custom_retina_logo":0,"ocean_custom_logo_max_width":0,"ocean_custom_logo_tablet_max_width":0,"ocean_custom_logo_mobile_max_width":0,"ocean_custom_logo_max_height":0,"ocean_custom_logo_tablet_max_height":0,"ocean_custom_logo_mobile_max_height":0,"ocean_header_custom_menu":"","ocean_menu_typo_font_family":"","ocean_menu_typo_font_subset":"","ocean_menu_typo_font_size":0,"ocean_menu_typo_font_size_tablet":0,"ocean_menu_typo_font_size_mobile":0,"ocean_menu_typo_font_size_unit":"px","ocean_menu_typo_font_weight":"","ocean_menu_typo_font_weight_tablet":"","ocean_menu_typo_font_weight_mobile":"","ocean_menu_typo_transform":"","ocean_menu_typo_transform_tablet":"","ocean_menu_typo_transform_mobile":"","ocean_menu_typo_line_height":0,"ocean_menu_typo_line_height_tablet":0,"ocean_menu_typo_line_height_mobile":0,"ocean_menu_typo_line_height_unit":"","ocean_menu_typo_spacing":0,"ocean_menu_typo_spacing_tablet":0,"ocean_menu_typo_spacing_mobile":0,"ocean_menu_typo_spacing_unit":"","ocean_menu_link_color":"","ocean_menu_link_color_hover":"","ocean_menu_link_color_active":"","ocean_menu_link_background":"","ocean_menu_link_hover_background":"","ocean_menu_link_active_background":"","ocean_menu_social_links_bg":"","ocean_menu_social_hover_links_bg":"","ocean_menu_social_links_color":"","ocean_menu_social_hover_links_color":"","ocean_disable_title":"default","ocean_disable_heading":"default","ocean_post_title":"","ocean_post_subheading":"","ocean_post_title_style":"","ocean_post_title_background_color":"","ocean_post_title_background":0,"ocean_post_title_bg_image_position":"","ocean_post_title_bg_image_attachment":"","ocean_post_title_bg_image_repeat":"","ocean_post_title_bg_image_size":"","ocean_post_title_height":0,"ocean_post_title_bg_overlay":0.5,"ocean_post_title_bg_overlay_color":"","ocean_disable_breadcrumbs":"default","ocean_breadcrumbs_color":"","ocean_breadcrumbs_separator_color":"","ocean_breadcrumbs_links_color":"","ocean_breadcrumbs_links_hover_color":"","ocean_display_footer_widgets":"default","ocean_display_footer_bottom":"default","ocean_custom_footer_template":"","footnotes":""},"class_list":["post-2185","page","type-page","status-publish","hentry","entry"],"_links":{"self":[{"href":"https:\/\/terre-franche.be\/site2022\/index.php\/wp-json\/wp\/v2\/pages\/2185","targetHints":{"allow":["GET"]}}],"collection":[{"href":"https:\/\/terre-franche.be\/site2022\/index.php\/wp-json\/wp\/v2\/pages"}],"about":[{"href":"https:\/\/terre-franche.be\/site2022\/index.php\/wp-json\/wp\/v2\/types\/page"}],"author":[{"embeddable":true,"href":"https:\/\/terre-franche.be\/site2022\/index.php\/wp-json\/wp\/v2\/users\/1"}],"replies":[{"embeddable":true,"href":"https:\/\/terre-franche.be\/site2022\/index.php\/wp-json\/wp\/v2\/comments?post=2185"}],"version-history":[{"count":16,"href":"https:\/\/terre-franche.be\/site2022\/index.php\/wp-json\/wp\/v2\/pages\/2185\/revisions"}],"predecessor-version":[{"id":4128,"href":"https:\/\/terre-franche.be\/site2022\/index.php\/wp-json\/wp\/v2\/pages\/2185\/revisions\/4128"}],"wp:attachment":[{"href":"https:\/\/terre-franche.be\/site2022\/index.php\/wp-json\/wp\/v2\/media?parent=2185"}],"curies":[{"name":"wp","href":"https:\/\/api.w.org\/{rel}","templated":true}]}}