{"id":1293,"date":"2023-09-18T18:45:55","date_gmt":"2023-09-18T16:45:55","guid":{"rendered":"https:\/\/terre-franche.be\/site2022\/?page_id=1293"},"modified":"2026-08-25T15:08:11","modified_gmt":"2026-08-25T13:08:11","slug":"stages-a-venir","status":"publish","type":"page","link":"https:\/\/terre-franche.be\/site2022\/index.php\/stages-a-venir\/","title":{"rendered":"STAGES \u00e0 venir"},"content":{"rendered":"\t\t<div data-elementor-type=\"wp-page\" data-elementor-id=\"1293\" class=\"elementor elementor-1293\">\n\t\t\t\t\t\t<section class=\"elementor-section elementor-top-section elementor-element elementor-element-e7868eb elementor-section-boxed elementor-section-height-default elementor-section-height-default\" data-id=\"e7868eb\" data-element_type=\"section\" data-e-type=\"section\">\n\t\t\t\t\t\t<div class=\"elementor-container elementor-column-gap-default\">\n\t\t\t\t\t<div class=\"elementor-column elementor-col-100 elementor-top-column elementor-element elementor-element-e519f69\" data-id=\"e519f69\" data-element_type=\"column\" data-e-type=\"column\">\n\t\t\t<div class=\"elementor-widget-wrap elementor-element-populated\">\n\t\t\t\t\t\t<div class=\"elementor-element elementor-element-45da6b2 elementor-widget elementor-widget-heading\" data-id=\"45da6b2\" data-element_type=\"widget\" data-e-type=\"widget\" data-widget_type=\"heading.default\">\n\t\t\t\t<div class=\"elementor-widget-container\">\n\t\t\t\t\t<h1 class=\"elementor-heading-title elementor-size-default\">Septembre 2026 : propositions pour les adultes<\/h1>\t\t\t\t<\/div>\n\t\t\t\t<\/div>\n\t\t\t\t<div class=\"elementor-element elementor-element-c2ebc89 elementor-widget elementor-widget-heading\" data-id=\"c2ebc89\" data-element_type=\"widget\" data-e-type=\"widget\" data-widget_type=\"heading.default\">\n\t\t\t\t<div class=\"elementor-widget-container\">\n\t\t\t\t\t<h2 class=\"elementor-heading-title elementor-size-default\">Stage d'arts plastiques pour adultes, les 18, 19 et 20 septembre, de 10h \u00e0 16h<\/h2>\t\t\t\t<\/div>\n\t\t\t\t<\/div>\n\t\t\t\t\t<\/div>\n\t\t<\/div>\n\t\t\t\t\t<\/div>\n\t\t<\/section>\n\t\t\t\t<section class=\"elementor-section elementor-top-section elementor-element elementor-element-e1a2390 elementor-section-boxed elementor-section-height-default elementor-section-height-default\" data-id=\"e1a2390\" data-element_type=\"section\" data-e-type=\"section\">\n\t\t\t\t\t\t<div class=\"elementor-container elementor-column-gap-default\">\n\t\t\t\t\t<div class=\"elementor-column elementor-col-33 elementor-top-column elementor-element elementor-element-e4aa444\" data-id=\"e4aa444\" data-element_type=\"column\" data-e-type=\"column\">\n\t\t\t<div class=\"elementor-widget-wrap elementor-element-populated\">\n\t\t\t\t\t\t<div class=\"elementor-element elementor-element-27bd655 elementor-widget elementor-widget-image\" data-id=\"27bd655\" data-element_type=\"widget\" data-e-type=\"widget\" data-widget_type=\"image.default\">\n\t\t\t\t<div class=\"elementor-widget-container\">\n\t\t\t\t\t\t\t\t\t\t\t\t\t\t\t<img fetchpriority=\"high\" decoding=\"async\" width=\"550\" height=\"550\" src=\"https:\/\/terre-franche.be\/site2022\/wp-content\/uploads\/2026\/06\/UTTICK-stage-dessin-adlt.jpg\" class=\"attachment-large size-large wp-image-7949\" alt=\"peinture-monochrome\" srcset=\"https:\/\/terre-franche.be\/site2022\/wp-content\/uploads\/2026\/06\/UTTICK-stage-dessin-adlt.jpg 550w, https:\/\/terre-franche.be\/site2022\/wp-content\/uploads\/2026\/06\/UTTICK-stage-dessin-adlt-300x300.jpg 300w, https:\/\/terre-franche.be\/site2022\/wp-content\/uploads\/2026\/06\/UTTICK-stage-dessin-adlt-150x150.jpg 150w\" sizes=\"(max-width: 550px) 100vw, 550px\" \/>\t\t\t\t\t\t\t\t\t\t\t\t\t\t\t<\/div>\n\t\t\t\t<\/div>\n\t\t\t\t\t<\/div>\n\t\t<\/div>\n\t\t\t\t<div class=\"elementor-column elementor-col-66 elementor-top-column elementor-element elementor-element-acecc62\" data-id=\"acecc62\" data-element_type=\"column\" data-e-type=\"column\">\n\t\t\t<div class=\"elementor-widget-wrap elementor-element-populated\">\n\t\t\t\t\t\t<div class=\"elementor-element elementor-element-fdf538c elementor-widget elementor-widget-text-editor\" data-id=\"fdf538c\" data-element_type=\"widget\" data-e-type=\"widget\" data-widget_type=\"text-editor.default\">\n\t\t\t\t<div class=\"elementor-widget-container\">\n\t\t\t\t\t\t\t\t\t<p>\u00ab\u00a0Nos R\u00eaves\u00a0\u00bb<\/p>\t\t\t\t\t\t\t\t<\/div>\n\t\t\t\t<\/div>\n\t\t\t\t<div class=\"elementor-element elementor-element-499b5bd elementor-widget elementor-widget-text-editor\" data-id=\"499b5bd\" data-element_type=\"widget\" data-e-type=\"widget\" data-widget_type=\"text-editor.default\">\n\t\t\t\t<div class=\"elementor-widget-container\">\n\t\t\t\t\t\t\t\t\t<p class=\"p1\"><span class=\"s1\">Nos r\u00eaves nocturnes, nos r\u00eaves \u00e9veill\u00e9s, nos r\u00eaves d\u2019enfants, nos r\u00eaves po\u00e9tiques, nos r\u00eaves d\u2019un monde meilleur&#8230;<br \/>3 jours pour se laisser aller \u00e0 sa propre fl\u00e2nerie int\u00e9rieure et \u00e0 ses images r\u00eav\u00e9es&#8230;.<br \/>Arts plastiques (aquarelle, peinture, encre, crayons, collage, tissage,&#8230;)<br \/>D\u00e9tente et \u00e9chapp\u00e9e cr\u00e9atives garanties !<\/span><\/p><p class=\"p2\"><span class=\"s1\">Anim\u00e9 par Sarah Fierens<br \/><br \/>Prix : 115\u20ac\/105 mat\u00e9riel compris<\/span><\/p>\t\t\t\t\t\t\t\t<\/div>\n\t\t\t\t<\/div>\n\t\t\t\t\t<\/div>\n\t\t<\/div>\n\t\t\t\t\t<\/div>\n\t\t<\/section>\n\t\t\t\t<section class=\"elementor-section elementor-top-section elementor-element elementor-element-9206fbe elementor-section-boxed elementor-section-height-default elementor-section-height-default\" data-id=\"9206fbe\" data-element_type=\"section\" data-e-type=\"section\">\n\t\t\t\t\t\t<div class=\"elementor-container elementor-column-gap-default\">\n\t\t\t\t\t<div class=\"elementor-column elementor-col-100 elementor-top-column elementor-element elementor-element-e683c20\" data-id=\"e683c20\" data-element_type=\"column\" data-e-type=\"column\">\n\t\t\t<div class=\"elementor-widget-wrap elementor-element-populated\">\n\t\t\t\t\t\t<div class=\"elementor-element elementor-element-baf1cb4 elementor-widget elementor-widget-heading\" data-id=\"baf1cb4\" data-element_type=\"widget\" data-e-type=\"widget\" data-widget_type=\"heading.default\">\n\t\t\t\t<div class=\"elementor-widget-container\">\n\t\t\t\t\t<h2 class=\"elementor-heading-title elementor-size-default\">Stage de danse pour adultes, les 21, 22 et 23 septembre, de 10h \u00e0 12h<\/h2>\t\t\t\t<\/div>\n\t\t\t\t<\/div>\n\t\t\t\t\t<\/div>\n\t\t<\/div>\n\t\t\t\t\t<\/div>\n\t\t<\/section>\n\t\t\t\t<section class=\"elementor-section elementor-top-section elementor-element elementor-element-f83ea46 elementor-section-boxed elementor-section-height-default elementor-section-height-default\" data-id=\"f83ea46\" data-element_type=\"section\" data-e-type=\"section\">\n\t\t\t\t\t\t<div class=\"elementor-container elementor-column-gap-default\">\n\t\t\t\t\t<div class=\"elementor-column elementor-col-33 elementor-top-column elementor-element elementor-element-247acbf\" data-id=\"247acbf\" data-element_type=\"column\" data-e-type=\"column\">\n\t\t\t<div class=\"elementor-widget-wrap elementor-element-populated\">\n\t\t\t\t\t\t<div class=\"elementor-element elementor-element-9d7fc3d elementor-widget elementor-widget-image\" data-id=\"9d7fc3d\" data-element_type=\"widget\" data-e-type=\"widget\" data-widget_type=\"image.default\">\n\t\t\t\t<div class=\"elementor-widget-container\">\n\t\t\t\t\t\t\t\t\t\t\t\t\t\t\t<img decoding=\"async\" width=\"550\" height=\"550\" src=\"https:\/\/terre-franche.be\/site2022\/wp-content\/uploads\/2026\/06\/UTTICK-stage-danse-adlt.jpg\" class=\"attachment-large size-large wp-image-7950\" alt=\"pas de danse\" srcset=\"https:\/\/terre-franche.be\/site2022\/wp-content\/uploads\/2026\/06\/UTTICK-stage-danse-adlt.jpg 550w, https:\/\/terre-franche.be\/site2022\/wp-content\/uploads\/2026\/06\/UTTICK-stage-danse-adlt-300x300.jpg 300w, https:\/\/terre-franche.be\/site2022\/wp-content\/uploads\/2026\/06\/UTTICK-stage-danse-adlt-150x150.jpg 150w\" sizes=\"(max-width: 550px) 100vw, 550px\" \/>\t\t\t\t\t\t\t\t\t\t\t\t\t\t\t<\/div>\n\t\t\t\t<\/div>\n\t\t\t\t\t<\/div>\n\t\t<\/div>\n\t\t\t\t<div class=\"elementor-column elementor-col-66 elementor-top-column elementor-element elementor-element-5f8a919\" data-id=\"5f8a919\" data-element_type=\"column\" data-e-type=\"column\">\n\t\t\t<div class=\"elementor-widget-wrap elementor-element-populated\">\n\t\t\t\t\t\t<div class=\"elementor-element elementor-element-d0d77bc elementor-widget elementor-widget-text-editor\" data-id=\"d0d77bc\" data-element_type=\"widget\" data-e-type=\"widget\" data-widget_type=\"text-editor.default\">\n\t\t\t\t<div class=\"elementor-widget-container\">\n\t\t\t\t\t\t\t\t\t<p>\u00ab\u00a0Danse cr\u00e9ative\u00a0\u00bb<\/p>\t\t\t\t\t\t\t\t<\/div>\n\t\t\t\t<\/div>\n\t\t\t\t<div class=\"elementor-element elementor-element-14a30ac elementor-widget elementor-widget-text-editor\" data-id=\"14a30ac\" data-element_type=\"widget\" data-e-type=\"widget\" data-widget_type=\"text-editor.default\">\n\t\t\t\t<div class=\"elementor-widget-container\">\n\t\t\t\t\t\t\t\t\t<p><span style=\"font-size: 16px; letter-spacing: 0.3px;\">Un moment \u00e0 s&rsquo;offrir pour se reconnecter \u00e0 son corps par le mouvement, un moment hors du temps, chacun a son rythme, o\u00f9 l&rsquo;on explore comment cr\u00e9er en dansant.<\/span><\/p><p>Ouvert \u00e0 tous et toutes, avec ou sans exp\u00e9rience. La mobilit\u00e9 r\u00e9duite n&rsquo;est pas un obstacle \u00e0 la participation.<\/p><p>Anim\u00e9 par J\u00e9r\u00f4me Gosset, danseur et chor\u00e9graphe.<\/p><p>Prix: 60\u20ac<\/p>\t\t\t\t\t\t\t\t<\/div>\n\t\t\t\t<\/div>\n\t\t\t\t\t<\/div>\n\t\t<\/div>\n\t\t\t\t\t<\/div>\n\t\t<\/section>\n\t\t\t\t<section class=\"elementor-section elementor-top-section elementor-element elementor-element-dddbe8a elementor-section-boxed elementor-section-height-default elementor-section-height-default\" data-id=\"dddbe8a\" data-element_type=\"section\" data-e-type=\"section\">\n\t\t\t\t\t\t<div class=\"elementor-container elementor-column-gap-default\">\n\t\t\t\t\t<div class=\"elementor-column elementor-col-100 elementor-top-column elementor-element elementor-element-8612481\" data-id=\"8612481\" data-element_type=\"column\" data-e-type=\"column\">\n\t\t\t<div class=\"elementor-widget-wrap elementor-element-populated\">\n\t\t\t\t\t\t<div class=\"elementor-element elementor-element-f7820bf elementor-align-left elementor-widget elementor-widget-button\" data-id=\"f7820bf\" data-element_type=\"widget\" data-e-type=\"widget\" data-widget_type=\"button.default\">\n\t\t\t\t<div class=\"elementor-widget-container\">\n\t\t\t\t\t\t\t\t\t<div class=\"elementor-button-wrapper\">\n\t\t\t\t\t<a class=\"elementor-button elementor-button-link elementor-size-sm\" href=\"https:\/\/shop.utick.net\/?pos=TERREFRANCHE&#038;module=CATALOGUE\" target=\"_blank\">\n\t\t\t\t\t\t<span class=\"elementor-button-content-wrapper\">\n\t\t\t\t\t\t\t\t\t<span class=\"elementor-button-text\">Inscription via le catalogue iCi<\/span>\n\t\t\t\t\t<\/span>\n\t\t\t\t\t<\/a>\n\t\t\t\t<\/div>\n\t\t\t\t\t\t\t\t<\/div>\n\t\t\t\t<\/div>\n\t\t\t\t<div class=\"elementor-element elementor-element-7b8719b elementor-widget elementor-widget-heading\" data-id=\"7b8719b\" data-element_type=\"widget\" data-e-type=\"widget\" data-widget_type=\"heading.default\">\n\t\t\t\t<div class=\"elementor-widget-container\">\n\t\t\t\t\t<h1 class=\"elementor-heading-title elementor-size-default\">Du 26 au 30 Octobre 2026 : pour les 6-8 et les 9-12 ans<\/h1>\t\t\t\t<\/div>\n\t\t\t\t<\/div>\n\t\t\t\t\t<\/div>\n\t\t<\/div>\n\t\t\t\t\t<\/div>\n\t\t<\/section>\n\t\t\t\t<section class=\"elementor-section elementor-top-section elementor-element elementor-element-9fc2c4d elementor-section-boxed elementor-section-height-default elementor-section-height-default\" data-id=\"9fc2c4d\" data-element_type=\"section\" data-e-type=\"section\">\n\t\t\t\t\t\t<div class=\"elementor-container elementor-column-gap-default\">\n\t\t\t\t\t<div class=\"elementor-column elementor-col-50 elementor-top-column elementor-element elementor-element-0ad5c83\" data-id=\"0ad5c83\" data-element_type=\"column\" data-e-type=\"column\">\n\t\t\t<div class=\"elementor-widget-wrap elementor-element-populated\">\n\t\t\t\t\t\t<div class=\"elementor-element elementor-element-de80d35 elementor-widget elementor-widget-image\" data-id=\"de80d35\" data-element_type=\"widget\" data-e-type=\"widget\" data-widget_type=\"image.default\">\n\t\t\t\t<div class=\"elementor-widget-container\">\n\t\t\t\t\t\t\t\t\t\t\t\t\t\t\t<img decoding=\"async\" width=\"1024\" height=\"1024\" src=\"https:\/\/terre-franche.be\/site2022\/wp-content\/uploads\/2026\/08\/STAGE-HALLOWEEN-1024x1024.jpg\" class=\"attachment-large size-large wp-image-8099\" alt=\"les enfants jouent Sherlock et Agatha en costume d&apos;\u00e9poque\" srcset=\"https:\/\/terre-franche.be\/site2022\/wp-content\/uploads\/2026\/08\/STAGE-HALLOWEEN-1024x1024.jpg 1024w, https:\/\/terre-franche.be\/site2022\/wp-content\/uploads\/2026\/08\/STAGE-HALLOWEEN-300x300.jpg 300w, https:\/\/terre-franche.be\/site2022\/wp-content\/uploads\/2026\/08\/STAGE-HALLOWEEN-150x150.jpg 150w, https:\/\/terre-franche.be\/site2022\/wp-content\/uploads\/2026\/08\/STAGE-HALLOWEEN-768x768.jpg 768w, https:\/\/terre-franche.be\/site2022\/wp-content\/uploads\/2026\/08\/STAGE-HALLOWEEN-600x600.jpg 600w, https:\/\/terre-franche.be\/site2022\/wp-content\/uploads\/2026\/08\/STAGE-HALLOWEEN.jpg 1360w\" sizes=\"(max-width: 1024px) 100vw, 1024px\" \/>\t\t\t\t\t\t\t\t\t\t\t\t\t\t\t<\/div>\n\t\t\t\t<\/div>\n\t\t\t\t<div class=\"elementor-element elementor-element-424498e elementor-widget elementor-widget-button\" data-id=\"424498e\" data-element_type=\"widget\" data-e-type=\"widget\" data-widget_type=\"button.default\">\n\t\t\t\t<div class=\"elementor-widget-container\">\n\t\t\t\t\t\t\t\t\t<div class=\"elementor-button-wrapper\">\n\t\t\t\t\t<a class=\"elementor-button elementor-button-link elementor-size-sm\" href=\"https:\/\/shop.utick.net\/?pos=TERREFRANCHE&#038;module=CATALOGUE\" target=\"_blank\">\n\t\t\t\t\t\t<span class=\"elementor-button-content-wrapper\">\n\t\t\t\t\t\t\t\t\t<span class=\"elementor-button-text\">Inscription via le catalogue iCi<\/span>\n\t\t\t\t\t<\/span>\n\t\t\t\t\t<\/a>\n\t\t\t\t<\/div>\n\t\t\t\t\t\t\t\t<\/div>\n\t\t\t\t<\/div>\n\t\t\t\t\t<\/div>\n\t\t<\/div>\n\t\t\t\t<div class=\"elementor-column elementor-col-50 elementor-top-column elementor-element elementor-element-6cd4cbc\" data-id=\"6cd4cbc\" data-element_type=\"column\" data-e-type=\"column\">\n\t\t\t<div class=\"elementor-widget-wrap elementor-element-populated\">\n\t\t\t\t\t\t<div class=\"elementor-element elementor-element-b8d84dd elementor-widget elementor-widget-heading\" data-id=\"b8d84dd\" data-element_type=\"widget\" data-e-type=\"widget\" data-widget_type=\"heading.default\">\n\t\t\t\t<div class=\"elementor-widget-container\">\n\t\t\t\t\t<h2 class=\"elementor-heading-title elementor-size-default\">\"Sherlock &amp; Agatha\"<\/h2>\t\t\t\t<\/div>\n\t\t\t\t<\/div>\n\t\t\t\t<div class=\"elementor-element elementor-element-ed2682d elementor-widget elementor-widget-text-editor\" data-id=\"ed2682d\" data-element_type=\"widget\" data-e-type=\"widget\" data-widget_type=\"text-editor.default\">\n\t\t\t\t<div class=\"elementor-widget-container\">\n\t\t\t\t\t\t\t\t\t<p>Une proposition qui fait appel \u00e0 toutes les comp\u00e9tences et pouvoirs magiques dont on peut r\u00eaver :<br \/><span style=\"font-size: 14px; letter-spacing: 0.3px;\">sens de l&rsquo;indice et du d\u00e9criptage, art de brouiller les pistes et d&rsquo;imaginer le plus invraisemblable, humour noir ou multicolore, voyance extra lucide, t\u00e9l\u00e9portation dans le temps et dans l&rsquo;espace, art d&rsquo;enchanter, de faire chanter, de coloriser et d&rsquo;hypnotiser, &#8230;<\/span><\/p><p>Bref, tout ce qui est possible lorsqu&rsquo;on aborde le th\u00e9\u00e2tre et les arts plastiques, m\u00eame si c&rsquo;est la premi\u00e8re fois ! Surtout lorsqu&rsquo;on fait partie d&rsquo;une des deux super \u00e9quipes qui seront guid\u00e9es dans leur cr\u00e9ativit\u00e9, en alternance, par Sarah, peintre, et par Margaux, com\u00e9dienne !<\/p>\t\t\t\t\t\t\t\t<\/div>\n\t\t\t\t<\/div>\n\t\t\t\t<div class=\"elementor-element elementor-element-0866b85 elementor-widget elementor-widget-heading\" data-id=\"0866b85\" data-element_type=\"widget\" data-e-type=\"widget\" data-widget_type=\"heading.default\">\n\t\t\t\t<div class=\"elementor-widget-container\">\n\t\t\t\t\t<h1 class=\"elementor-heading-title elementor-size-default\">INFOS et INSCRIPTIONS <\/h1>\t\t\t\t<\/div>\n\t\t\t\t<\/div>\n\t\t\t\t<div class=\"elementor-element elementor-element-747aa26 elementor-widget__width-initial elementor-widget elementor-widget-text-editor\" data-id=\"747aa26\" data-element_type=\"widget\" data-e-type=\"widget\" data-widget_type=\"text-editor.default\">\n\t\t\t\t<div class=\"elementor-widget-container\">\n\t\t\t\t\t\t\t\t\t<p><strong>Horaires :<\/strong> 5 journ\u00e9es, de 9h \u00e0 16h<br \/><strong>Garderies :<\/strong> de 8h30 \u00e0 9h et de 16h \u00e0 17h30, inscription forfaitaire de 8\u20ac la semaine<br \/><strong>Tarif des stages<\/strong> enfants et ados : 125\/115\u20ac<br \/>\u2013\u00a0\u00a0Les tarifs r\u00e9duits\u00a0propos\u00e9s pour tous nos stages et ateliers sont applicables \u00e0 partir de la deuxi\u00e8me inscription, pour la m\u00eame personne ou un autre membre de sa famille, dans le cadre d\u2019une m\u00eame saison, de septembre \u00e0 fin ao\u00fbt.<br \/>\u2013\u00a0\u00a0Facilit\u00e9s de paiement\u00a0sur simple demande.<br \/>\u2013\u00a0\u00a0Article 27\u00a0bienvenu ! Les difficult\u00e9s financi\u00e8res ne peuvent jamais \u00eatre un obstacle \u00e0 l\u2019acc\u00e8s \u00e0 la cr\u00e9ativit\u00e9 pour tous et toutes ! \u00ab L\u2019Article 27 \u00bb participe aux inscriptions aux stages et ateliers de Terre Franche. Pour acc\u00e9der aux \u00ab tickets Article 27 \u00bb, prenez contact avec votre travailleur social de r\u00e9f\u00e9rence.<br \/>Une question ou un probl\u00e8me ? Un coup de t\u00e9l\u00e9phone \u00e0 Terre Franche au 081\/58 08 31, demandez Laurence Garot et la solution est d\u00e9j\u00e0 presque trouv\u00e9e !<b style=\"font-size: 14px; color: var( --e-global-color-accent ); letter-spacing: 0.3px;\"><br \/><\/b><\/p>\t\t\t\t\t\t\t\t<\/div>\n\t\t\t\t<\/div>\n\t\t\t\t\t<\/div>\n\t\t<\/div>\n\t\t\t\t\t<\/div>\n\t\t<\/section>\n\t\t\t\t<\/div>\n\t\t","protected":false},"excerpt":{"rendered":"<p>Septembre 2026 : propositions pour les adultes Stage d&rsquo;arts plastiques pour adultes, les 18, 19 et 20 septembre, de 10h \u00e0 16h \u00ab\u00a0Nos R\u00eaves\u00a0\u00bb Nos r\u00eaves nocturnes, nos r\u00eaves \u00e9veill\u00e9s, nos r\u00eaves d\u2019enfants, nos r\u00eaves po\u00e9tiques, nos r\u00eaves d\u2019un monde meilleur&#8230;3 jours pour se laisser aller \u00e0 sa propre fl\u00e2nerie int\u00e9rieure et \u00e0 ses images [&hellip;]<\/p>\n","protected":false},"author":1,"featured_media":0,"parent":0,"menu_order":0,"comment_status":"closed","ping_status":"closed","template":"","meta":{"ocean_front_end_style_editor":"no","ocean_post_layout":"","ocean_both_sidebars_style":"","ocean_both_sidebars_content_width":0,"ocean_both_sidebars_sidebars_width":0,"ocean_sidebar":"0","ocean_second_sidebar":"0","ocean_disable_margins":"enable","ocean_add_body_class":"","ocean_shortcode_before_top_bar":"","ocean_shortcode_after_top_bar":"","ocean_shortcode_before_header":"","ocean_shortcode_after_header":"","ocean_has_shortcode":"","ocean_shortcode_after_title":"","ocean_shortcode_before_footer_widgets":"","ocean_shortcode_after_footer_widgets":"","ocean_shortcode_before_footer_bottom":"","ocean_shortcode_after_footer_bottom":"","ocean_display_top_bar":"default","ocean_display_header":"default","ocean_header_style":"","ocean_center_header_left_menu":"0","ocean_custom_header_template":"0","ocean_custom_logo":0,"ocean_custom_retina_logo":0,"ocean_custom_logo_max_width":0,"ocean_custom_logo_tablet_max_width":0,"ocean_custom_logo_mobile_max_width":0,"ocean_custom_logo_max_height":0,"ocean_custom_logo_tablet_max_height":0,"ocean_custom_logo_mobile_max_height":0,"ocean_header_custom_menu":"0","ocean_menu_typo_font_family":"0","ocean_menu_typo_font_subset":"","ocean_menu_typo_font_size":0,"ocean_menu_typo_font_size_tablet":0,"ocean_menu_typo_font_size_mobile":0,"ocean_menu_typo_font_size_unit":"px","ocean_menu_typo_font_weight":"","ocean_menu_typo_font_weight_tablet":"","ocean_menu_typo_font_weight_mobile":"","ocean_menu_typo_transform":"","ocean_menu_typo_transform_tablet":"","ocean_menu_typo_transform_mobile":"","ocean_menu_typo_line_height":0,"ocean_menu_typo_line_height_tablet":0,"ocean_menu_typo_line_height_mobile":0,"ocean_menu_typo_line_height_unit":"","ocean_menu_typo_spacing":0,"ocean_menu_typo_spacing_tablet":0,"ocean_menu_typo_spacing_mobile":0,"ocean_menu_typo_spacing_unit":"","ocean_menu_link_color":"","ocean_menu_link_color_hover":"","ocean_menu_link_color_active":"","ocean_menu_link_background":"","ocean_menu_link_hover_background":"","ocean_menu_link_active_background":"","ocean_menu_social_links_bg":"","ocean_menu_social_hover_links_bg":"","ocean_menu_social_links_color":"","ocean_menu_social_hover_links_color":"","ocean_disable_title":"default","ocean_disable_heading":"default","ocean_post_title":"","ocean_post_subheading":"","ocean_post_title_style":"","ocean_post_title_background_color":"","ocean_post_title_background":0,"ocean_post_title_bg_image_position":"","ocean_post_title_bg_image_attachment":"","ocean_post_title_bg_image_repeat":"","ocean_post_title_bg_image_size":"","ocean_post_title_height":0,"ocean_post_title_bg_overlay":0.5,"ocean_post_title_bg_overlay_color":"","ocean_disable_breadcrumbs":"default","ocean_breadcrumbs_color":"","ocean_breadcrumbs_separator_color":"","ocean_breadcrumbs_links_color":"","ocean_breadcrumbs_links_hover_color":"","ocean_display_footer_widgets":"default","ocean_display_footer_bottom":"default","ocean_custom_footer_template":"0","footnotes":""},"class_list":["post-1293","page","type-page","status-publish","hentry","entry"],"_links":{"self":[{"href":"https:\/\/terre-franche.be\/site2022\/index.php\/wp-json\/wp\/v2\/pages\/1293","targetHints":{"allow":["GET"]}}],"collection":[{"href":"https:\/\/terre-franche.be\/site2022\/index.php\/wp-json\/wp\/v2\/pages"}],"about":[{"href":"https:\/\/terre-franche.be\/site2022\/index.php\/wp-json\/wp\/v2\/types\/page"}],"author":[{"embeddable":true,"href":"https:\/\/terre-franche.be\/site2022\/index.php\/wp-json\/wp\/v2\/users\/1"}],"replies":[{"embeddable":true,"href":"https:\/\/terre-franche.be\/site2022\/index.php\/wp-json\/wp\/v2\/comments?post=1293"}],"version-history":[{"count":313,"href":"https:\/\/terre-franche.be\/site2022\/index.php\/wp-json\/wp\/v2\/pages\/1293\/revisions"}],"predecessor-version":[{"id":8103,"href":"https:\/\/terre-franche.be\/site2022\/index.php\/wp-json\/wp\/v2\/pages\/1293\/revisions\/8103"}],"wp:attachment":[{"href":"https:\/\/terre-franche.be\/site2022\/index.php\/wp-json\/wp\/v2\/media?parent=1293"}],"curies":[{"name":"wp","href":"https:\/\/api.w.org\/{rel}","templated":true}]}}